{"version":"1.0","provider_name":"popler","type":"video","provider_url\"":"http:\/\/popler.tv\/","width":"480","height":"270","title":"Elise Alloin \u2013 Wyk\u0142ad performatywny","description":"1 marca 2018, 19:00; wst\u0119p wolny \/ Parakino\n\nhttp:\/\/laznia.pl\/mainart,504,elise_alloin_wyklad_performatywny.html\n\nFosfor i sposoby jego wykorzystania \u2013 od produkcji sztucznych nawoz\u00f3w i przemys\u0142 chemiczny przez g\u00f3r\u0119 odpad\u00f3w fosfogipsowych, kt\u00f3ra trwale przekszta\u0142ci\u0142a pejza\u017c okolic wsi Wi\u015blinka, po eutrofizacj\u0119 Morza Ba\u0142tyckiego \u2013 znajduj\u0105 si\u0119 w centrum zainteresowa\u0144 Elise Alloin. Podsumowuj\u0105c sw\u00f3j pobyt w Gda\u0144sku, francuska artystka przedstawi wst\u0119pny etap swoich poszukiwa\u0144 zilustrowany rozmaitymi mutacjami krajobrazu.\n\nPraktyka tw\u00f3rcza Alloin koncentruje si\u0119 na radioaktywno\u015bci. Artystka bada relacj\u0119 cz\u0142owieka z tym nieuchwytnym dla oka zjawiskiem. Analizuje czynniki wp\u0142ywaj\u0105ce na transformacj\u0119 krajobrazu oraz dynamik\u0119 zmian zastosowania promieniotw\u00f3rczo\u015bci od medycyny, archeologii, geologii, przemys\u0142u zbrojeniowego po badania naukowe. Zjawisko radioaktywno\u015bci wymusza zmiany (mutacje) w naszym postrzeganiu przestrzeni i czasu, kwestionuj\u0105c relacje z przestrzeni\u0105, miejscem i pami\u0119ci\u0105.\n\nPraktyka Elise Alloin opiera si\u0119 na d\u0142ugofalowej wsp\u00f3\u0142pracy z interdyscyplinarnymi zespo\u0142ami badaczy oraz o\u015brodkami naukowymi. Swoje projekty realizowa\u0142a mi\u0119dzy innymi w zdemontowanym reaktorze j\u0105drowym w Strasburgu, laboratorium ANDRA w podziemnym sk\u0142adzie odpad\u00f3w radioaktywnych we Francji, a tak\u017ce w zrekultywowanej kopalni rudy uranu w niemieckiej Saksonii (przedsi\u0119biorstwo Wismut i Uniwersytet Techniczny w Dre\u017anie), funkcjonuj\u0105cej dzi\u015b jako miejsce rekreacji i odpoczynku.  W swojej pracy Alloin u\u017cywa r\u00f3\u017cnych \u015brodk\u00f3w wyrazu takich jak rze\u017aba, fotografia, wideo czy performans. Tworzy instalacje anga\u017cuj\u0105ce odbiorc\u0119.\n\nElise Alloin przebywa na rezydencji artystycznej w Centrum Sztuki Wsp\u00f3\u0142czesnej \u0141a\u017ania w ramach programu wymiany bilateralnej z miastem Strasburg oraz stowarzyszeniem Apollonia European Exchanges prowadzonym od 2011 roku.  W dotychczasowych edycjach udzia\u0142 wzi\u0119li: Ahmet Dogan, Patrick Bogner, Jia Qiu, Dorothee Haller, Yiumsiri Vantanapindu, St\u00e9phane Clor. W\u015br\u00f3d polskich artyst\u00f3w znale\u017ali si\u0119: Dominika Skutnik, Dorota Walentynowicz, Micha\u0142 Pecko, Angelika Fojtuch, Grzegorz Stefa\u0144ski, Urszula Kozak, Eliza Proszczuk.","author_name":"cswlaznia_","author_url":"http:\/\/popler.tv\/cswlaznia","live":0,"live_url":"http:\/\/popler.tv\/cswlaznia","thumbnail_url":"http:\/\/images.popler.tv\/snap\/fs005\/57\/cswlaznia_59254ec4-e489-4d00-b394-13ae07bfbe4b_mini.jpg","thumbnail_height":75,"html":"<object type=\"application\/x-shockwave-flash\" data=\"http:\/\/www.popler.tv\/v\/95692\" width=\"480\" height=\"270\"><param name=\"movie\" value=\"http:\/\/www.popler.tv\/v\/95692\" \/><param name=\"loop\" value=\"false\"><param name=\"menu\" value=\"false\"><param name=\"quality\" value=\"high\"><param name=\"AllowScriptAccess\" value=\"always\" \/><param name=\"allowfullscreen\" value=\"true\" \/><a href=\"http:\/\/popler.tv\/video\/fs005\/57\/cswlaznia_59254ec4-e489-4d00-b394-13ae07bfbe4b.mp4\"><img border=\"0\" src=\"http:\/\/popler.tv\/snap\/fs005\/57\/cswlaznia_59254ec4-e489-4d00-b394-13ae07bfbe4b_mini.jpg\" width=\"480\" height=\"270\" alt=\"No Flash\"><\/a><\/object>"}	